{"id":4310,"date":"2025-12-24T21:28:14","date_gmt":"2025-12-24T19:28:14","guid":{"rendered":"https:\/\/www.serenna.fi\/?post_type=product&#038;p=4310"},"modified":"2026-03-02T21:58:26","modified_gmt":"2026-03-02T19:58:26","slug":"liu-jo-lj2643","status":"publish","type":"product","link":"https:\/\/test.serenna.fi\/de\/prod\/liu-jo-lj2643\/","title":{"rendered":"Halskette LIU JO LJ2643 Vergoldet"},"content":{"rendered":"<p><strong>Liu Jo<\/strong>&nbsp;ist eine bekannte italienische&nbsp;<strong>Premium-Modemarke<\/strong>, die 1995 von Marco und Vanni March in Carpi, Italien, gegr\u00fcndet wurde. Die Kernidee der Marke ist es, die nat\u00fcrliche Sch\u00f6nheit von Frauen zu feiern und ihre Weiblichkeit mit einem bezaubernden und dynamischen Stil zu unterstreichen.<\/p><p><strong>Wichtigste Merkmale<\/strong><\/p><ul>\n<li><strong>Stil:<\/strong>&nbsp;Liu Jo ist bekannt f\u00fcr seine raffinierte, moderne und elegante Mode \u201eMade in Italy\u201d.<\/li>\n<li><strong>Produktpalette:<\/strong>&nbsp;Obwohl die Marke mit Strickwaren begann und besonders f\u00fcr ihre \u201eBottom-up\u201d-Jeanskollektion bekannt ist, bietet sie heute eine breite Palette an Produktkategorien:\n<ul>\n<li>Bekleidung (f\u00fcr Damen, Herren und Kinder).<\/li>\n<li>Schuhe, Taschen und Accessoires.<\/li>\n<li>Schmuck, Uhren, Bademode und Unterw\u00e4sche.<\/li>\n<\/ul>\n<\/li>\n<li><strong>Globale Pr\u00e4senz:<\/strong>&nbsp;Die Marke verf\u00fcgt \u00fcber ein umfangreiches internationales Vertriebsnetz, darunter eigene Gesch\u00e4fte und Wiederverk\u00e4ufer in \u00fcber 50 L\u00e4ndern in Europa, dem Nahen Osten, Asien und Afrika.<\/li>\n<\/ul><p>Liu Jo m\u00f6chte Mode anbieten, die freie Selbstentfaltung und einen modernen, identit\u00e4tsorientierten Stil f\u00f6rdert.<\/p>\n<ul>\n<li>Farbe: Vergoldet<\/li>\n<li>Typ:\n<ul>\n<li>Halsketten<\/li>\n<li>Halsketten f\u00fcr Damen<\/li>\n<\/ul>\n<\/li>\n<\/ul>\n","protected":false},"excerpt":{"rendered":"<p>Farbe: Vergoldet Typ: Halsketten Halsketten f\u00fcr Damen<\/p>\n","protected":false},"featured_media":4309,"comment_status":"open","ping_status":"closed","template":"","meta":[],"product_brand":[],"product_cat":[280,301,250,252,196,251],"product_tag":[203,189,188],"class_list":{"0":"post-4310","1":"product","2":"type-product","3":"status-publish","4":"has-post-thumbnail","6":"product_cat-korut","7":"product_cat-naisten-korut","8":"product_cat-asusteet","9":"product_cat-kaulakorut","10":"product_cat-muoti-asusteet","11":"product_cat-muotikorut","12":"product_tag-tag_203","13":"product_tag-tag_189","14":"product_tag-tag_188","16":"first","17":"instock","18":"taxable","19":"shipping-taxable","20":"purchasable","21":"product-type-simple"},"yoast_head":"<!-- This site is optimized with the Yoast SEO plugin v28.4 - https:\/\/yoast.com\/product\/yoast-seo-wordpress\/ -->\n<title>Halskette LIU JO LJ2643 Vergoldet<\/title>\n<meta name=\"description\" content=\"Korut viimeistelev\u00e4t tyylin arjessa ja juhlassa. Valikoimasta l\u00f6yd\u00e4t kauniit ja ajattomat korut eri tyyleihin ja tilaisuuksiin.\" \/>\n<meta name=\"robots\" content=\"index, follow, max-snippet:-1, max-image-preview:large, max-video-preview:-1\" \/>\n<link rel=\"canonical\" href=\"https:\/\/test.serenna.fi\/de\/prod\/liu-jo-lj2643\/\" \/>\n<meta property=\"og:locale\" content=\"de_DE\" \/>\n<meta property=\"og:locale:alternate\" content=\"en-GB\" \/>\n<meta property=\"og:locale:alternate\" content=\"fi\" \/>\n<meta property=\"og:locale:alternate\" content=\"SV\" \/>\n<meta property=\"og:locale:alternate\" content=\"DA\" \/>\n<meta property=\"og:locale:alternate\" content=\"NL\" \/>\n<meta property=\"og:locale:alternate\" content=\"FR\" \/>\n<meta property=\"og:locale:alternate\" content=\"IT\" \/>\n<meta property=\"og:type\" content=\"article\" \/>\n<meta property=\"og:title\" content=\"Halskette LIU JO LJ2643 Vergoldet\" \/>\n<meta property=\"og:description\" content=\"Korut viimeistelev\u00e4t tyylin arjessa ja juhlassa. Valikoimasta l\u00f6yd\u00e4t kauniit ja ajattomat korut eri tyyleihin ja tilaisuuksiin.\" \/>\n<meta property=\"og:url\" content=\"https:\/\/test.serenna.fi\/de\/prod\/liu-jo-lj2643\/\" \/>\n<meta property=\"og:site_name\" content=\"Serenna\" \/>\n<meta property=\"article:publisher\" content=\"https:\/\/www.facebook.com\/serennadecor\" \/>\n<meta property=\"article:modified_time\" content=\"2026-03-02T19:58:26+00:00\" \/>\n<meta property=\"og:image\" content=\"https:\/\/test.serenna.fi\/wp-content\/uploads\/2025\/12\/5985505835508_S72127153_P00.jpg\" \/>\n\t<meta property=\"og:image:width\" content=\"1200\" \/>\n\t<meta property=\"og:image:height\" content=\"1200\" \/>\n\t<meta property=\"og:image:type\" content=\"image\/jpeg\" \/>\n<meta name=\"twitter:card\" content=\"summary_large_image\" \/>\n<script type=\"application\/ld+json\" class=\"yoast-schema-graph\">{\"@context\":\"https:\\\/\\\/schema.org\",\"@graph\":[{\"@type\":\"WebPage\",\"@id\":\"https:\\\/\\\/test.serenna.fi\\\/se\\\/prod\\\/liu-jo-lj2643\\\/\",\"url\":\"https:\\\/\\\/test.serenna.fi\\\/se\\\/prod\\\/liu-jo-lj2643\\\/\",\"name\":\"Halskette LIU JO LJ2643 Vergoldet\",\"isPartOf\":{\"@id\":\"https:\\\/\\\/test.serenna.fi\\\/#website\"},\"primaryImageOfPage\":{\"@id\":\"https:\\\/\\\/test.serenna.fi\\\/se\\\/prod\\\/liu-jo-lj2643\\\/#primaryimage\"},\"image\":{\"@id\":\"https:\\\/\\\/test.serenna.fi\\\/se\\\/prod\\\/liu-jo-lj2643\\\/#primaryimage\"},\"thumbnailUrl\":\"https:\\\/\\\/test.serenna.fi\\\/wp-content\\\/uploads\\\/2025\\\/12\\\/5985505835508_S72127153_P00.jpg\",\"datePublished\":\"2025-12-24T19:28:14+00:00\",\"dateModified\":\"2026-03-02T19:58:26+00:00\",\"description\":\"Korut viimeistelev\u00e4t tyylin arjessa ja juhlassa. Valikoimasta l\u00f6yd\u00e4t kauniit ja ajattomat korut eri tyyleihin ja tilaisuuksiin.\",\"breadcrumb\":{\"@id\":\"https:\\\/\\\/test.serenna.fi\\\/se\\\/prod\\\/liu-jo-lj2643\\\/#breadcrumb\"},\"inLanguage\":\"DE\",\"potentialAction\":[{\"@type\":\"ReadAction\",\"target\":[\"https:\\\/\\\/test.serenna.fi\\\/se\\\/prod\\\/liu-jo-lj2643\\\/\"]}]},{\"@type\":\"ImageObject\",\"inLanguage\":\"DE\",\"@id\":\"https:\\\/\\\/test.serenna.fi\\\/se\\\/prod\\\/liu-jo-lj2643\\\/#primaryimage\",\"url\":\"https:\\\/\\\/test.serenna.fi\\\/wp-content\\\/uploads\\\/2025\\\/12\\\/5985505835508_S72127153_P00.jpg\",\"contentUrl\":\"https:\\\/\\\/test.serenna.fi\\\/wp-content\\\/uploads\\\/2025\\\/12\\\/5985505835508_S72127153_P00.jpg\",\"width\":1200,\"height\":1200,\"caption\":\"S72127153_0\"},{\"@type\":\"BreadcrumbList\",\"@id\":\"https:\\\/\\\/test.serenna.fi\\\/se\\\/prod\\\/liu-jo-lj2643\\\/#breadcrumb\",\"itemListElement\":[{\"@type\":\"ListItem\",\"position\":1,\"name\":\"Etusivu\",\"item\":\"https:\\\/\\\/test.serenna.fi\\\/\"},{\"@type\":\"ListItem\",\"position\":2,\"name\":\"Kauppa\",\"item\":\"https:\\\/\\\/test.serenna.fi\\\/shop\\\/\"},{\"@type\":\"ListItem\",\"position\":3,\"name\":\"Halsband LIU JO LJ2643 Guldpl\u00e4terat\"}]},{\"@type\":\"WebSite\",\"@id\":\"https:\\\/\\\/test.serenna.fi\\\/#website\",\"url\":\"https:\\\/\\\/test.serenna.fi\\\/\",\"name\":\"Serenna\",\"description\":\"\",\"publisher\":{\"@id\":\"https:\\\/\\\/test.serenna.fi\\\/#organization\"},\"potentialAction\":[{\"@type\":\"SearchAction\",\"target\":{\"@type\":\"EntryPoint\",\"urlTemplate\":\"https:\\\/\\\/test.serenna.fi\\\/?s={search_term_string}\"},\"query-input\":{\"@type\":\"PropertyValueSpecification\",\"valueRequired\":true,\"valueName\":\"search_term_string\"}}],\"inLanguage\":\"DE\"},{\"@type\":\"Organization\",\"@id\":\"https:\\\/\\\/test.serenna.fi\\\/#organization\",\"name\":\"Serenna\",\"url\":\"https:\\\/\\\/test.serenna.fi\\\/\",\"logo\":{\"@type\":\"ImageObject\",\"inLanguage\":\"DE\",\"@id\":\"https:\\\/\\\/test.serenna.fi\\\/#\\\/schema\\\/logo\\\/image\\\/\",\"url\":\"https:\\\/\\\/www.serenna.fi\\\/wp-content\\\/uploads\\\/2025\\\/12\\\/serenna-logo2.png\",\"contentUrl\":\"https:\\\/\\\/www.serenna.fi\\\/wp-content\\\/uploads\\\/2025\\\/12\\\/serenna-logo2.png\",\"width\":2383,\"height\":317,\"caption\":\"Serenna\"},\"image\":{\"@id\":\"https:\\\/\\\/test.serenna.fi\\\/#\\\/schema\\\/logo\\\/image\\\/\"},\"sameAs\":[\"https:\\\/\\\/www.facebook.com\\\/serennadecor\",\"https:\\\/\\\/www.instagram.com\\\/serennadecor\"]}]}<\/script>\n<!-- \/ Yoast SEO plugin. -->","yoast_head_json":{"title":"Halskette LIU JO LJ2643 Vergoldet","description":"Korut viimeistelev\u00e4t tyylin arjessa ja juhlassa. Valikoimasta l\u00f6yd\u00e4t kauniit ja ajattomat korut eri tyyleihin ja tilaisuuksiin.","robots":{"index":"index","follow":"follow","max-snippet":"max-snippet:-1","max-image-preview":"max-image-preview:large","max-video-preview":"max-video-preview:-1"},"canonical":"https:\/\/test.serenna.fi\/de\/prod\/liu-jo-lj2643\/","og_locale":"de_DE","og_type":"article","og_title":"[:fi]Kaulakoru LIU JO LJ2643 Kullattu[:de]Halskette LIU JO LJ2643 Vergoldet[:dk]Halsk\u00e6de LIU JO LJ2643 Forgyldt[:en]Necklace LIU JO LJ2643 Gold-plated[:fr]Collier LIU JO LJ2643 Plaqu\u00e9 or[:it]Collana LIU JO LJ2643 Placcata in oro[:nl]Halsketting LIU JO LJ2643 Verguld[:se]Halsband LIU JO LJ2643 Guldpl\u00e4terat[:] - Serenna","og_description":"Korut viimeistelev\u00e4t tyylin arjessa ja juhlassa. Valikoimasta l\u00f6yd\u00e4t kauniit ja ajattomat korut eri tyyleihin ja tilaisuuksiin.","og_url":"https:\/\/test.serenna.fi\/de\/prod\/liu-jo-lj2643\/","og_site_name":"Serenna","article_publisher":"https:\/\/www.facebook.com\/serennadecor","article_modified_time":"2026-03-02T19:58:26+00:00","og_image":[{"width":1200,"height":1200,"url":"https:\/\/test.serenna.fi\/wp-content\/uploads\/2025\/12\/5985505835508_S72127153_P00.jpg","type":"image\/jpeg"}],"twitter_card":"summary_large_image","schema":{"@context":"https:\/\/schema.org","@graph":[{"@type":"WebPage","@id":"https:\/\/test.serenna.fi\/se\/prod\/liu-jo-lj2643\/","url":"https:\/\/test.serenna.fi\/se\/prod\/liu-jo-lj2643\/","name":"Halskette LIU JO LJ2643 Vergoldet","isPartOf":{"@id":"https:\/\/test.serenna.fi\/#website"},"primaryImageOfPage":{"@id":"https:\/\/test.serenna.fi\/se\/prod\/liu-jo-lj2643\/#primaryimage"},"image":{"@id":"https:\/\/test.serenna.fi\/se\/prod\/liu-jo-lj2643\/#primaryimage"},"thumbnailUrl":"https:\/\/test.serenna.fi\/wp-content\/uploads\/2025\/12\/5985505835508_S72127153_P00.jpg","datePublished":"2025-12-24T19:28:14+00:00","dateModified":"2026-03-02T19:58:26+00:00","description":"Korut viimeistelev\u00e4t tyylin arjessa ja juhlassa. Valikoimasta l\u00f6yd\u00e4t kauniit ja ajattomat korut eri tyyleihin ja tilaisuuksiin.","breadcrumb":{"@id":"https:\/\/test.serenna.fi\/se\/prod\/liu-jo-lj2643\/#breadcrumb"},"inLanguage":"DE","potentialAction":[{"@type":"ReadAction","target":["https:\/\/test.serenna.fi\/se\/prod\/liu-jo-lj2643\/"]}]},{"@type":"ImageObject","inLanguage":"DE","@id":"https:\/\/test.serenna.fi\/se\/prod\/liu-jo-lj2643\/#primaryimage","url":"https:\/\/test.serenna.fi\/wp-content\/uploads\/2025\/12\/5985505835508_S72127153_P00.jpg","contentUrl":"https:\/\/test.serenna.fi\/wp-content\/uploads\/2025\/12\/5985505835508_S72127153_P00.jpg","width":1200,"height":1200,"caption":"S72127153_0"},{"@type":"BreadcrumbList","@id":"https:\/\/test.serenna.fi\/se\/prod\/liu-jo-lj2643\/#breadcrumb","itemListElement":[{"@type":"ListItem","position":1,"name":"Etusivu","item":"https:\/\/test.serenna.fi\/"},{"@type":"ListItem","position":2,"name":"Kauppa","item":"https:\/\/test.serenna.fi\/shop\/"},{"@type":"ListItem","position":3,"name":"Halsband LIU JO LJ2643 Guldpl\u00e4terat"}]},{"@type":"WebSite","@id":"https:\/\/test.serenna.fi\/#website","url":"https:\/\/test.serenna.fi\/","name":"Serenna","description":"","publisher":{"@id":"https:\/\/test.serenna.fi\/#organization"},"potentialAction":[{"@type":"SearchAction","target":{"@type":"EntryPoint","urlTemplate":"https:\/\/test.serenna.fi\/?s={search_term_string}"},"query-input":{"@type":"PropertyValueSpecification","valueRequired":true,"valueName":"search_term_string"}}],"inLanguage":"DE"},{"@type":"Organization","@id":"https:\/\/test.serenna.fi\/#organization","name":"Serenna","url":"https:\/\/test.serenna.fi\/","logo":{"@type":"ImageObject","inLanguage":"DE","@id":"https:\/\/test.serenna.fi\/#\/schema\/logo\/image\/","url":"https:\/\/www.serenna.fi\/wp-content\/uploads\/2025\/12\/serenna-logo2.png","contentUrl":"https:\/\/www.serenna.fi\/wp-content\/uploads\/2025\/12\/serenna-logo2.png","width":2383,"height":317,"caption":"Serenna"},"image":{"@id":"https:\/\/test.serenna.fi\/#\/schema\/logo\/image\/"},"sameAs":["https:\/\/www.facebook.com\/serennadecor","https:\/\/www.instagram.com\/serennadecor"]}]}},"_links":{"self":[{"href":"https:\/\/test.serenna.fi\/de\/wp-json\/wp\/v2\/product\/4310","targetHints":{"allow":["GET"]}}],"collection":[{"href":"https:\/\/test.serenna.fi\/de\/wp-json\/wp\/v2\/product"}],"about":[{"href":"https:\/\/test.serenna.fi\/de\/wp-json\/wp\/v2\/types\/product"}],"replies":[{"embeddable":true,"href":"https:\/\/test.serenna.fi\/de\/wp-json\/wp\/v2\/comments?post=4310"}],"wp:featuredmedia":[{"embeddable":true,"href":"https:\/\/test.serenna.fi\/de\/wp-json\/wp\/v2\/media\/4309"}],"wp:attachment":[{"href":"https:\/\/test.serenna.fi\/de\/wp-json\/wp\/v2\/media?parent=4310"}],"wp:term":[{"taxonomy":"product_brand","embeddable":true,"href":"https:\/\/test.serenna.fi\/de\/wp-json\/wp\/v2\/product_brand?post=4310"},{"taxonomy":"product_cat","embeddable":true,"href":"https:\/\/test.serenna.fi\/de\/wp-json\/wp\/v2\/product_cat?post=4310"},{"taxonomy":"product_tag","embeddable":true,"href":"https:\/\/test.serenna.fi\/de\/wp-json\/wp\/v2\/product_tag?post=4310"}],"curies":[{"name":"wp","href":"https:\/\/api.w.org\/{rel}","templated":true}]}}