{"id":4303,"date":"2025-12-24T21:28:12","date_gmt":"2025-12-24T19:28:12","guid":{"rendered":"https:\/\/www.serenna.fi\/?post_type=product&#038;p=4303"},"modified":"2026-03-02T21:58:26","modified_gmt":"2026-03-02T19:58:26","slug":"liu-jo-lj2802","status":"publish","type":"product","link":"https:\/\/test.serenna.fi\/fr\/prod\/liu-jo-lj2802\/","title":{"rendered":"Collier LIU JO LJ2802 Plaqu\u00e9 or"},"content":{"rendered":"<p><strong>Liu Jo<\/strong> est une marque italienne <strong>de mode haut de gamme<\/strong> fond\u00e9e \u00e0 Carpi, en Italie, en 1995 par Marco et Vanni Marchini. L'id\u00e9e centrale de la marque est de c\u00e9l\u00e9brer la beaut\u00e9 naturelle des femmes et de mettre en valeur leur f\u00e9minit\u00e9 avec un style s\u00e9duisant et dynamique.<\/p><p><strong>Caract\u00e9ristiques principales<\/strong><\/p><ul><li><strong>Style :<\/strong> Liu Jo est connue pour sa mode raffin\u00e9e, moderne et \u00e9l\u00e9gante \u00ab Made in Italy \u00bb.<\/li><li><strong>Gamme de produits :<\/strong> bien que la marque ait d\u00e9but\u00e9 avec des tricots et soit particuli\u00e8rement connue pour sa collection de jeans \u00ab bottom up \u00bb, elle propose aujourd'hui une large gamme de cat\u00e9gories de produits :<ul><li>V\u00eatements (pour femmes, hommes et enfants).<\/li><li>Chaussures, sacs et accessoires.<\/li><li>Bijoux, montres, maillots de bain et sous-v\u00eatements.<\/li><\/ul><\/li><li><strong>Pr\u00e9sence mondiale :<\/strong> la marque dispose d'un vaste r\u00e9seau de distribution international, comprenant ses propres boutiques et des revendeurs dans plus de 50 pays en Europe, au Moyen-Orient, en Asie et en Afrique.<\/li><\/ul><p>Liu Jo s'efforce de proposer une mode qui favorise la libre expression de soi et un style contemporain ax\u00e9 sur l'identit\u00e9.<\/p>\n<ul>\n<li>Type :\n<ul>\n<li>Colliers<\/li>\n<li>Colliers pour femmes<\/li>\n<\/ul>\n<\/li>\n<li>Couleur : Plaqu\u00e9 or<\/li>\n<\/ul>\n","protected":false},"excerpt":{"rendered":"<p>Type : Colliers Colliers pour femmes Couleur : Plaqu\u00e9 or<\/p>\n","protected":false},"featured_media":4302,"comment_status":"open","ping_status":"closed","template":"","meta":[],"product_brand":[],"product_cat":[280,301,250,252,196,251],"product_tag":[203,189,188],"class_list":{"0":"post-4303","1":"product","2":"type-product","3":"status-publish","4":"has-post-thumbnail","6":"product_cat-korut","7":"product_cat-naisten-korut","8":"product_cat-asusteet","9":"product_cat-kaulakorut","10":"product_cat-muoti-asusteet","11":"product_cat-muotikorut","12":"product_tag-tag_203","13":"product_tag-tag_189","14":"product_tag-tag_188","16":"first","17":"instock","18":"taxable","19":"shipping-taxable","20":"purchasable","21":"product-type-simple"},"yoast_head":"<!-- This site is optimized with the Yoast SEO plugin v28.4 - https:\/\/yoast.com\/product\/yoast-seo-wordpress\/ -->\n<title>Collier LIU JO LJ2802 Plaqu\u00e9 or<\/title>\n<meta name=\"description\" content=\"Korut viimeistelev\u00e4t tyylin arjessa ja juhlassa. Valikoimasta l\u00f6yd\u00e4t kauniit ja ajattomat korut eri tyyleihin ja tilaisuuksiin.\" \/>\n<meta name=\"robots\" content=\"index, follow, max-snippet:-1, max-image-preview:large, max-video-preview:-1\" \/>\n<link rel=\"canonical\" href=\"https:\/\/test.serenna.fi\/fr\/prod\/liu-jo-lj2802\/\" \/>\n<meta property=\"og:locale\" content=\"fr_FR\" \/>\n<meta property=\"og:locale:alternate\" content=\"en-GB\" \/>\n<meta property=\"og:locale:alternate\" content=\"fi\" \/>\n<meta property=\"og:locale:alternate\" content=\"DE\" \/>\n<meta property=\"og:locale:alternate\" content=\"SV\" \/>\n<meta property=\"og:locale:alternate\" content=\"DA\" \/>\n<meta property=\"og:locale:alternate\" content=\"NL\" \/>\n<meta property=\"og:locale:alternate\" content=\"IT\" \/>\n<meta property=\"og:type\" content=\"article\" \/>\n<meta property=\"og:title\" content=\"Collier LIU JO LJ2802 Plaqu\u00e9 or\" \/>\n<meta property=\"og:description\" content=\"Korut viimeistelev\u00e4t tyylin arjessa ja juhlassa. Valikoimasta l\u00f6yd\u00e4t kauniit ja ajattomat korut eri tyyleihin ja tilaisuuksiin.\" \/>\n<meta property=\"og:url\" content=\"https:\/\/test.serenna.fi\/fr\/prod\/liu-jo-lj2802\/\" \/>\n<meta property=\"og:site_name\" content=\"Serenna\" \/>\n<meta property=\"article:publisher\" content=\"https:\/\/www.facebook.com\/serennadecor\" \/>\n<meta property=\"article:modified_time\" content=\"2026-03-02T19:58:26+00:00\" \/>\n<meta property=\"og:image\" content=\"https:\/\/test.serenna.fi\/wp-content\/uploads\/2025\/12\/4078505835508_S72118818_P00.jpg\" \/>\n\t<meta property=\"og:image:width\" content=\"1200\" \/>\n\t<meta property=\"og:image:height\" content=\"1200\" \/>\n\t<meta property=\"og:image:type\" content=\"image\/jpeg\" \/>\n<meta name=\"twitter:card\" content=\"summary_large_image\" \/>\n<script type=\"application\/ld+json\" class=\"yoast-schema-graph\">{\"@context\":\"https:\\\/\\\/schema.org\",\"@graph\":[{\"@type\":\"WebPage\",\"@id\":\"https:\\\/\\\/test.serenna.fi\\\/se\\\/prod\\\/liu-jo-lj2802\\\/\",\"url\":\"https:\\\/\\\/test.serenna.fi\\\/se\\\/prod\\\/liu-jo-lj2802\\\/\",\"name\":\"Collier LIU JO LJ2802 Plaqu\u00e9 or\",\"isPartOf\":{\"@id\":\"https:\\\/\\\/test.serenna.fi\\\/#website\"},\"primaryImageOfPage\":{\"@id\":\"https:\\\/\\\/test.serenna.fi\\\/se\\\/prod\\\/liu-jo-lj2802\\\/#primaryimage\"},\"image\":{\"@id\":\"https:\\\/\\\/test.serenna.fi\\\/se\\\/prod\\\/liu-jo-lj2802\\\/#primaryimage\"},\"thumbnailUrl\":\"https:\\\/\\\/test.serenna.fi\\\/wp-content\\\/uploads\\\/2025\\\/12\\\/4078505835508_S72118818_P00.jpg\",\"datePublished\":\"2025-12-24T19:28:12+00:00\",\"dateModified\":\"2026-03-02T19:58:26+00:00\",\"description\":\"Korut viimeistelev\u00e4t tyylin arjessa ja juhlassa. Valikoimasta l\u00f6yd\u00e4t kauniit ja ajattomat korut eri tyyleihin ja tilaisuuksiin.\",\"breadcrumb\":{\"@id\":\"https:\\\/\\\/test.serenna.fi\\\/se\\\/prod\\\/liu-jo-lj2802\\\/#breadcrumb\"},\"inLanguage\":\"FR\",\"potentialAction\":[{\"@type\":\"ReadAction\",\"target\":[\"https:\\\/\\\/test.serenna.fi\\\/se\\\/prod\\\/liu-jo-lj2802\\\/\"]}]},{\"@type\":\"ImageObject\",\"inLanguage\":\"FR\",\"@id\":\"https:\\\/\\\/test.serenna.fi\\\/se\\\/prod\\\/liu-jo-lj2802\\\/#primaryimage\",\"url\":\"https:\\\/\\\/test.serenna.fi\\\/wp-content\\\/uploads\\\/2025\\\/12\\\/4078505835508_S72118818_P00.jpg\",\"contentUrl\":\"https:\\\/\\\/test.serenna.fi\\\/wp-content\\\/uploads\\\/2025\\\/12\\\/4078505835508_S72118818_P00.jpg\",\"width\":1200,\"height\":1200,\"caption\":\"S72118818_0\"},{\"@type\":\"BreadcrumbList\",\"@id\":\"https:\\\/\\\/test.serenna.fi\\\/se\\\/prod\\\/liu-jo-lj2802\\\/#breadcrumb\",\"itemListElement\":[{\"@type\":\"ListItem\",\"position\":1,\"name\":\"Etusivu\",\"item\":\"https:\\\/\\\/test.serenna.fi\\\/\"},{\"@type\":\"ListItem\",\"position\":2,\"name\":\"Kauppa\",\"item\":\"https:\\\/\\\/test.serenna.fi\\\/shop\\\/\"},{\"@type\":\"ListItem\",\"position\":3,\"name\":\"Halsband LIU JO LJ2802 Guldpl\u00e4terat\"}]},{\"@type\":\"WebSite\",\"@id\":\"https:\\\/\\\/test.serenna.fi\\\/#website\",\"url\":\"https:\\\/\\\/test.serenna.fi\\\/\",\"name\":\"Serenna\",\"description\":\"\",\"publisher\":{\"@id\":\"https:\\\/\\\/test.serenna.fi\\\/#organization\"},\"potentialAction\":[{\"@type\":\"SearchAction\",\"target\":{\"@type\":\"EntryPoint\",\"urlTemplate\":\"https:\\\/\\\/test.serenna.fi\\\/?s={search_term_string}\"},\"query-input\":{\"@type\":\"PropertyValueSpecification\",\"valueRequired\":true,\"valueName\":\"search_term_string\"}}],\"inLanguage\":\"FR\"},{\"@type\":\"Organization\",\"@id\":\"https:\\\/\\\/test.serenna.fi\\\/#organization\",\"name\":\"Serenna\",\"url\":\"https:\\\/\\\/test.serenna.fi\\\/\",\"logo\":{\"@type\":\"ImageObject\",\"inLanguage\":\"FR\",\"@id\":\"https:\\\/\\\/test.serenna.fi\\\/#\\\/schema\\\/logo\\\/image\\\/\",\"url\":\"https:\\\/\\\/www.serenna.fi\\\/wp-content\\\/uploads\\\/2025\\\/12\\\/serenna-logo2.png\",\"contentUrl\":\"https:\\\/\\\/www.serenna.fi\\\/wp-content\\\/uploads\\\/2025\\\/12\\\/serenna-logo2.png\",\"width\":2383,\"height\":317,\"caption\":\"Serenna\"},\"image\":{\"@id\":\"https:\\\/\\\/test.serenna.fi\\\/#\\\/schema\\\/logo\\\/image\\\/\"},\"sameAs\":[\"https:\\\/\\\/www.facebook.com\\\/serennadecor\",\"https:\\\/\\\/www.instagram.com\\\/serennadecor\"]}]}<\/script>\n<!-- \/ Yoast SEO plugin. -->","yoast_head_json":{"title":"Collier LIU JO LJ2802 Plaqu\u00e9 or","description":"Korut viimeistelev\u00e4t tyylin arjessa ja juhlassa. Valikoimasta l\u00f6yd\u00e4t kauniit ja ajattomat korut eri tyyleihin ja tilaisuuksiin.","robots":{"index":"index","follow":"follow","max-snippet":"max-snippet:-1","max-image-preview":"max-image-preview:large","max-video-preview":"max-video-preview:-1"},"canonical":"https:\/\/test.serenna.fi\/fr\/prod\/liu-jo-lj2802\/","og_locale":"fr_FR","og_type":"article","og_title":"[:fi]Kaulakoru LIU JO LJ2802 Kullattu[:de]Halskette LIU JO LJ2802 Vergoldet[:dk]Halsk\u00e6de LIU JO LJ2802 Forgyldt[:en]Necklace LIU JO LJ2802 Gold-plated[:fr]Collier LIU JO LJ2802 Plaqu\u00e9 or[:it]Collana LIU JO LJ2802 Placcata in oro[:nl]Halsketting LIU JO LJ2802 Verguld[:se]Halsband LIU JO LJ2802 Guldpl\u00e4terat[:] - Serenna","og_description":"Korut viimeistelev\u00e4t tyylin arjessa ja juhlassa. Valikoimasta l\u00f6yd\u00e4t kauniit ja ajattomat korut eri tyyleihin ja tilaisuuksiin.","og_url":"https:\/\/test.serenna.fi\/fr\/prod\/liu-jo-lj2802\/","og_site_name":"Serenna","article_publisher":"https:\/\/www.facebook.com\/serennadecor","article_modified_time":"2026-03-02T19:58:26+00:00","og_image":[{"width":1200,"height":1200,"url":"https:\/\/test.serenna.fi\/wp-content\/uploads\/2025\/12\/4078505835508_S72118818_P00.jpg","type":"image\/jpeg"}],"twitter_card":"summary_large_image","schema":{"@context":"https:\/\/schema.org","@graph":[{"@type":"WebPage","@id":"https:\/\/test.serenna.fi\/se\/prod\/liu-jo-lj2802\/","url":"https:\/\/test.serenna.fi\/se\/prod\/liu-jo-lj2802\/","name":"Collier LIU JO LJ2802 Plaqu\u00e9 or","isPartOf":{"@id":"https:\/\/test.serenna.fi\/#website"},"primaryImageOfPage":{"@id":"https:\/\/test.serenna.fi\/se\/prod\/liu-jo-lj2802\/#primaryimage"},"image":{"@id":"https:\/\/test.serenna.fi\/se\/prod\/liu-jo-lj2802\/#primaryimage"},"thumbnailUrl":"https:\/\/test.serenna.fi\/wp-content\/uploads\/2025\/12\/4078505835508_S72118818_P00.jpg","datePublished":"2025-12-24T19:28:12+00:00","dateModified":"2026-03-02T19:58:26+00:00","description":"Korut viimeistelev\u00e4t tyylin arjessa ja juhlassa. Valikoimasta l\u00f6yd\u00e4t kauniit ja ajattomat korut eri tyyleihin ja tilaisuuksiin.","breadcrumb":{"@id":"https:\/\/test.serenna.fi\/se\/prod\/liu-jo-lj2802\/#breadcrumb"},"inLanguage":"FR","potentialAction":[{"@type":"ReadAction","target":["https:\/\/test.serenna.fi\/se\/prod\/liu-jo-lj2802\/"]}]},{"@type":"ImageObject","inLanguage":"FR","@id":"https:\/\/test.serenna.fi\/se\/prod\/liu-jo-lj2802\/#primaryimage","url":"https:\/\/test.serenna.fi\/wp-content\/uploads\/2025\/12\/4078505835508_S72118818_P00.jpg","contentUrl":"https:\/\/test.serenna.fi\/wp-content\/uploads\/2025\/12\/4078505835508_S72118818_P00.jpg","width":1200,"height":1200,"caption":"S72118818_0"},{"@type":"BreadcrumbList","@id":"https:\/\/test.serenna.fi\/se\/prod\/liu-jo-lj2802\/#breadcrumb","itemListElement":[{"@type":"ListItem","position":1,"name":"Etusivu","item":"https:\/\/test.serenna.fi\/"},{"@type":"ListItem","position":2,"name":"Kauppa","item":"https:\/\/test.serenna.fi\/shop\/"},{"@type":"ListItem","position":3,"name":"Halsband LIU JO LJ2802 Guldpl\u00e4terat"}]},{"@type":"WebSite","@id":"https:\/\/test.serenna.fi\/#website","url":"https:\/\/test.serenna.fi\/","name":"Serenna","description":"","publisher":{"@id":"https:\/\/test.serenna.fi\/#organization"},"potentialAction":[{"@type":"SearchAction","target":{"@type":"EntryPoint","urlTemplate":"https:\/\/test.serenna.fi\/?s={search_term_string}"},"query-input":{"@type":"PropertyValueSpecification","valueRequired":true,"valueName":"search_term_string"}}],"inLanguage":"FR"},{"@type":"Organization","@id":"https:\/\/test.serenna.fi\/#organization","name":"Serenna","url":"https:\/\/test.serenna.fi\/","logo":{"@type":"ImageObject","inLanguage":"FR","@id":"https:\/\/test.serenna.fi\/#\/schema\/logo\/image\/","url":"https:\/\/www.serenna.fi\/wp-content\/uploads\/2025\/12\/serenna-logo2.png","contentUrl":"https:\/\/www.serenna.fi\/wp-content\/uploads\/2025\/12\/serenna-logo2.png","width":2383,"height":317,"caption":"Serenna"},"image":{"@id":"https:\/\/test.serenna.fi\/#\/schema\/logo\/image\/"},"sameAs":["https:\/\/www.facebook.com\/serennadecor","https:\/\/www.instagram.com\/serennadecor"]}]}},"_links":{"self":[{"href":"https:\/\/test.serenna.fi\/fr\/wp-json\/wp\/v2\/product\/4303","targetHints":{"allow":["GET"]}}],"collection":[{"href":"https:\/\/test.serenna.fi\/fr\/wp-json\/wp\/v2\/product"}],"about":[{"href":"https:\/\/test.serenna.fi\/fr\/wp-json\/wp\/v2\/types\/product"}],"replies":[{"embeddable":true,"href":"https:\/\/test.serenna.fi\/fr\/wp-json\/wp\/v2\/comments?post=4303"}],"wp:featuredmedia":[{"embeddable":true,"href":"https:\/\/test.serenna.fi\/fr\/wp-json\/wp\/v2\/media\/4302"}],"wp:attachment":[{"href":"https:\/\/test.serenna.fi\/fr\/wp-json\/wp\/v2\/media?parent=4303"}],"wp:term":[{"taxonomy":"product_brand","embeddable":true,"href":"https:\/\/test.serenna.fi\/fr\/wp-json\/wp\/v2\/product_brand?post=4303"},{"taxonomy":"product_cat","embeddable":true,"href":"https:\/\/test.serenna.fi\/fr\/wp-json\/wp\/v2\/product_cat?post=4303"},{"taxonomy":"product_tag","embeddable":true,"href":"https:\/\/test.serenna.fi\/fr\/wp-json\/wp\/v2\/product_tag?post=4303"}],"curies":[{"name":"wp","href":"https:\/\/api.w.org\/{rel}","templated":true}]}}