{"id":4308,"date":"2025-12-24T21:28:13","date_gmt":"2025-12-24T19:28:13","guid":{"rendered":"https:\/\/www.serenna.fi\/?post_type=product&#038;p=4308"},"modified":"2026-03-02T21:58:27","modified_gmt":"2026-03-02T19:58:27","slug":"viceroy-13225c000-30","status":"publish","type":"product","link":"https:\/\/test.serenna.fi\/nl\/prod\/viceroy-13225c000-30\/","title":{"rendered":"Halsketting Viceroy Luna y estrellas 13225C000-30 Zilver"},"content":{"rendered":"<p>Viceroy is een bekend Spaans horloge- en sieradenmerk dat bekend staat om zijn hoogwaardige, stijlvolle en trendy producten.<\/p><ul><li>Oorsprong en eigenaar: Viceroy werd oorspronkelijk in 1951 in Zwitserland opgericht en richtte zich op de productie van horloges. In 1982 kocht de Spaanse Munreco Group het merk en bracht het op de internationale markt. Munreco Group is ook eigenaar van de merken Sandoz Spain en Mark Maddox.<\/li><li>Productassortiment: Het merk biedt een breed assortiment aan producten voor mannen, vrouwen en kinderen. Het assortiment omvat analoge horloges in verschillende stijlen (van sportief tot stijlvol), sieraden en accessoires. De sieraden staan bekend om het gebruik van innovatieve materialen en gedurfde combinaties.<\/li><li>Marketing en populariteit: Viceroy is erg populair in Spanje en heeft een uitgebreid distributienetwerk. Het merk maakt vaak gebruik van bekende personen, zoals Formule 1-coureur Fernando Alonso en actrice Pilar Rubio, als reclamefiguren.<\/li><\/ul>\n<ul>\n<li>Kleur: Zilver<\/li>\n<li>Type:\n<ul>\n<li>Halskettingen<\/li>\n<li>Dameskettingen<\/li>\n<\/ul>\n<\/li>\n<li>Materiaal: Sterlingzilver 925, gerhodineerd<\/li>\n<li>Inclusief: Inclusief merkdoosje of beschermhoes<\/li>\n<li>Kristal: Mineraal<\/li>\n<\/ul>\n","protected":false},"excerpt":{"rendered":"<p>Kleur: Zilver Type: Halskettingen Dameskettingen Materiaal: Sterlingzilver 925, gerhodineerd Inclusief: Inclusief merkdoosje of beschermhoes Kristal: Mineraal<\/p>\n","protected":false},"featured_media":4306,"comment_status":"open","ping_status":"closed","template":"","meta":[],"product_brand":[],"product_cat":[280,301,250,252,196,251],"product_tag":[203,189,188],"class_list":{"0":"post-4308","1":"product","2":"type-product","3":"status-publish","4":"has-post-thumbnail","6":"product_cat-korut","7":"product_cat-naisten-korut","8":"product_cat-asusteet","9":"product_cat-kaulakorut","10":"product_cat-muoti-asusteet","11":"product_cat-muotikorut","12":"product_tag-tag_203","13":"product_tag-tag_189","14":"product_tag-tag_188","16":"first","17":"instock","18":"taxable","19":"shipping-taxable","20":"purchasable","21":"product-type-simple"},"yoast_head":"<!-- This site is optimized with the Yoast SEO plugin v28.4 - https:\/\/yoast.com\/product\/yoast-seo-wordpress\/ -->\n<title>Halsketting Viceroy Luna y estrellas 13225C000-30 Zilver<\/title>\n<meta name=\"description\" content=\"Korut viimeistelev\u00e4t tyylin arjessa ja juhlassa. Valikoimasta l\u00f6yd\u00e4t kauniit ja ajattomat korut eri tyyleihin ja tilaisuuksiin.\" \/>\n<meta name=\"robots\" content=\"index, follow, max-snippet:-1, max-image-preview:large, max-video-preview:-1\" \/>\n<link rel=\"canonical\" href=\"https:\/\/test.serenna.fi\/nl\/prod\/viceroy-13225c000-30\/\" \/>\n<meta property=\"og:locale\" content=\"nl_NL\" \/>\n<meta property=\"og:locale:alternate\" content=\"en-GB\" \/>\n<meta property=\"og:locale:alternate\" content=\"fi\" \/>\n<meta property=\"og:locale:alternate\" content=\"DE\" \/>\n<meta property=\"og:locale:alternate\" content=\"SV\" \/>\n<meta property=\"og:locale:alternate\" content=\"DA\" \/>\n<meta property=\"og:locale:alternate\" content=\"FR\" \/>\n<meta property=\"og:locale:alternate\" content=\"IT\" \/>\n<meta property=\"og:type\" content=\"article\" \/>\n<meta property=\"og:title\" content=\"Halsketting Viceroy Luna y estrellas 13225C000-30 Zilver\" \/>\n<meta property=\"og:description\" content=\"Korut viimeistelev\u00e4t tyylin arjessa ja juhlassa. Valikoimasta l\u00f6yd\u00e4t kauniit ja ajattomat korut eri tyyleihin ja tilaisuuksiin.\" \/>\n<meta property=\"og:url\" content=\"https:\/\/test.serenna.fi\/nl\/prod\/viceroy-13225c000-30\/\" \/>\n<meta property=\"og:site_name\" content=\"Serenna\" \/>\n<meta property=\"article:publisher\" content=\"https:\/\/www.facebook.com\/serennadecor\" \/>\n<meta property=\"article:modified_time\" content=\"2026-03-02T19:58:27+00:00\" \/>\n<meta property=\"og:image\" content=\"https:\/\/test.serenna.fi\/wp-content\/uploads\/2025\/12\/9816853821348_S72127892_P00.jpg\" \/>\n\t<meta property=\"og:image:width\" content=\"1200\" \/>\n\t<meta property=\"og:image:height\" content=\"1200\" \/>\n\t<meta property=\"og:image:type\" content=\"image\/jpeg\" \/>\n<meta name=\"twitter:card\" content=\"summary_large_image\" \/>\n<meta name=\"twitter:label1\" content=\"Geschatte leestijd\" \/>\n\t<meta name=\"twitter:data1\" content=\"1 minuut\" \/>\n<script type=\"application\/ld+json\" class=\"yoast-schema-graph\">{\"@context\":\"https:\\\/\\\/schema.org\",\"@graph\":[{\"@type\":\"WebPage\",\"@id\":\"https:\\\/\\\/test.serenna.fi\\\/se\\\/prod\\\/viceroy-13225c000-30\\\/\",\"url\":\"https:\\\/\\\/test.serenna.fi\\\/se\\\/prod\\\/viceroy-13225c000-30\\\/\",\"name\":\"Halsketting Viceroy Luna y estrellas 13225C000-30 Zilver\",\"isPartOf\":{\"@id\":\"https:\\\/\\\/test.serenna.fi\\\/#website\"},\"primaryImageOfPage\":{\"@id\":\"https:\\\/\\\/test.serenna.fi\\\/se\\\/prod\\\/viceroy-13225c000-30\\\/#primaryimage\"},\"image\":{\"@id\":\"https:\\\/\\\/test.serenna.fi\\\/se\\\/prod\\\/viceroy-13225c000-30\\\/#primaryimage\"},\"thumbnailUrl\":\"https:\\\/\\\/test.serenna.fi\\\/wp-content\\\/uploads\\\/2025\\\/12\\\/9816853821348_S72127892_P00.jpg\",\"datePublished\":\"2025-12-24T19:28:13+00:00\",\"dateModified\":\"2026-03-02T19:58:27+00:00\",\"description\":\"Korut viimeistelev\u00e4t tyylin arjessa ja juhlassa. Valikoimasta l\u00f6yd\u00e4t kauniit ja ajattomat korut eri tyyleihin ja tilaisuuksiin.\",\"breadcrumb\":{\"@id\":\"https:\\\/\\\/test.serenna.fi\\\/se\\\/prod\\\/viceroy-13225c000-30\\\/#breadcrumb\"},\"inLanguage\":\"NL\",\"potentialAction\":[{\"@type\":\"ReadAction\",\"target\":[\"https:\\\/\\\/test.serenna.fi\\\/se\\\/prod\\\/viceroy-13225c000-30\\\/\"]}]},{\"@type\":\"ImageObject\",\"inLanguage\":\"NL\",\"@id\":\"https:\\\/\\\/test.serenna.fi\\\/se\\\/prod\\\/viceroy-13225c000-30\\\/#primaryimage\",\"url\":\"https:\\\/\\\/test.serenna.fi\\\/wp-content\\\/uploads\\\/2025\\\/12\\\/9816853821348_S72127892_P00.jpg\",\"contentUrl\":\"https:\\\/\\\/test.serenna.fi\\\/wp-content\\\/uploads\\\/2025\\\/12\\\/9816853821348_S72127892_P00.jpg\",\"width\":1200,\"height\":1200,\"caption\":\"S72127892_0\"},{\"@type\":\"BreadcrumbList\",\"@id\":\"https:\\\/\\\/test.serenna.fi\\\/se\\\/prod\\\/viceroy-13225c000-30\\\/#breadcrumb\",\"itemListElement\":[{\"@type\":\"ListItem\",\"position\":1,\"name\":\"Etusivu\",\"item\":\"https:\\\/\\\/test.serenna.fi\\\/\"},{\"@type\":\"ListItem\",\"position\":2,\"name\":\"Kauppa\",\"item\":\"https:\\\/\\\/test.serenna.fi\\\/shop\\\/\"},{\"@type\":\"ListItem\",\"position\":3,\"name\":\"Halsband Viceroy Luna y estrellas 13225C000-30 Silver\"}]},{\"@type\":\"WebSite\",\"@id\":\"https:\\\/\\\/test.serenna.fi\\\/#website\",\"url\":\"https:\\\/\\\/test.serenna.fi\\\/\",\"name\":\"Serenna\",\"description\":\"\",\"publisher\":{\"@id\":\"https:\\\/\\\/test.serenna.fi\\\/#organization\"},\"potentialAction\":[{\"@type\":\"SearchAction\",\"target\":{\"@type\":\"EntryPoint\",\"urlTemplate\":\"https:\\\/\\\/test.serenna.fi\\\/?s={search_term_string}\"},\"query-input\":{\"@type\":\"PropertyValueSpecification\",\"valueRequired\":true,\"valueName\":\"search_term_string\"}}],\"inLanguage\":\"NL\"},{\"@type\":\"Organization\",\"@id\":\"https:\\\/\\\/test.serenna.fi\\\/#organization\",\"name\":\"Serenna\",\"url\":\"https:\\\/\\\/test.serenna.fi\\\/\",\"logo\":{\"@type\":\"ImageObject\",\"inLanguage\":\"NL\",\"@id\":\"https:\\\/\\\/test.serenna.fi\\\/#\\\/schema\\\/logo\\\/image\\\/\",\"url\":\"https:\\\/\\\/www.serenna.fi\\\/wp-content\\\/uploads\\\/2025\\\/12\\\/serenna-logo2.png\",\"contentUrl\":\"https:\\\/\\\/www.serenna.fi\\\/wp-content\\\/uploads\\\/2025\\\/12\\\/serenna-logo2.png\",\"width\":2383,\"height\":317,\"caption\":\"Serenna\"},\"image\":{\"@id\":\"https:\\\/\\\/test.serenna.fi\\\/#\\\/schema\\\/logo\\\/image\\\/\"},\"sameAs\":[\"https:\\\/\\\/www.facebook.com\\\/serennadecor\",\"https:\\\/\\\/www.instagram.com\\\/serennadecor\"]}]}<\/script>\n<!-- \/ Yoast SEO plugin. -->","yoast_head_json":{"title":"Halsketting Viceroy Luna y estrellas 13225C000-30 Zilver","description":"Korut viimeistelev\u00e4t tyylin arjessa ja juhlassa. Valikoimasta l\u00f6yd\u00e4t kauniit ja ajattomat korut eri tyyleihin ja tilaisuuksiin.","robots":{"index":"index","follow":"follow","max-snippet":"max-snippet:-1","max-image-preview":"max-image-preview:large","max-video-preview":"max-video-preview:-1"},"canonical":"https:\/\/test.serenna.fi\/nl\/prod\/viceroy-13225c000-30\/","og_locale":"nl_NL","og_type":"article","og_title":"[:fi]Kaulakoru Viceroy Luna y estrellas 13225C000-30 Hopeinen[:de]Halskette Viceroy Luna y estrellas 13225C000-30 Silber[:dk]Halsk\u00e6de Viceroy Luna y estrellas 13225C000-30 S\u00f8lv[:en]Necklace Viceroy Luna y estrellas 13225C000-30 Silver[:fr]Collier Viceroy Luna y estrellas 13225C000-30 Argent\u00e9[:it]Collana Viceroy Luna y estrellas 13225C000-30 Argento[:nl]Halsketting Viceroy Luna y estrellas 13225C000-30 Zilver[:se]Halsband Viceroy Luna y estrellas 13225C000-30 Silver[:] - Serenna","og_description":"Korut viimeistelev\u00e4t tyylin arjessa ja juhlassa. Valikoimasta l\u00f6yd\u00e4t kauniit ja ajattomat korut eri tyyleihin ja tilaisuuksiin.","og_url":"https:\/\/test.serenna.fi\/nl\/prod\/viceroy-13225c000-30\/","og_site_name":"Serenna","article_publisher":"https:\/\/www.facebook.com\/serennadecor","article_modified_time":"2026-03-02T19:58:27+00:00","og_image":[{"width":1200,"height":1200,"url":"https:\/\/test.serenna.fi\/wp-content\/uploads\/2025\/12\/9816853821348_S72127892_P00.jpg","type":"image\/jpeg"}],"twitter_card":"summary_large_image","twitter_misc":{"Geschatte leestijd":"1 minuut"},"schema":{"@context":"https:\/\/schema.org","@graph":[{"@type":"WebPage","@id":"https:\/\/test.serenna.fi\/se\/prod\/viceroy-13225c000-30\/","url":"https:\/\/test.serenna.fi\/se\/prod\/viceroy-13225c000-30\/","name":"Halsketting Viceroy Luna y estrellas 13225C000-30 Zilver","isPartOf":{"@id":"https:\/\/test.serenna.fi\/#website"},"primaryImageOfPage":{"@id":"https:\/\/test.serenna.fi\/se\/prod\/viceroy-13225c000-30\/#primaryimage"},"image":{"@id":"https:\/\/test.serenna.fi\/se\/prod\/viceroy-13225c000-30\/#primaryimage"},"thumbnailUrl":"https:\/\/test.serenna.fi\/wp-content\/uploads\/2025\/12\/9816853821348_S72127892_P00.jpg","datePublished":"2025-12-24T19:28:13+00:00","dateModified":"2026-03-02T19:58:27+00:00","description":"Korut viimeistelev\u00e4t tyylin arjessa ja juhlassa. Valikoimasta l\u00f6yd\u00e4t kauniit ja ajattomat korut eri tyyleihin ja tilaisuuksiin.","breadcrumb":{"@id":"https:\/\/test.serenna.fi\/se\/prod\/viceroy-13225c000-30\/#breadcrumb"},"inLanguage":"NL","potentialAction":[{"@type":"ReadAction","target":["https:\/\/test.serenna.fi\/se\/prod\/viceroy-13225c000-30\/"]}]},{"@type":"ImageObject","inLanguage":"NL","@id":"https:\/\/test.serenna.fi\/se\/prod\/viceroy-13225c000-30\/#primaryimage","url":"https:\/\/test.serenna.fi\/wp-content\/uploads\/2025\/12\/9816853821348_S72127892_P00.jpg","contentUrl":"https:\/\/test.serenna.fi\/wp-content\/uploads\/2025\/12\/9816853821348_S72127892_P00.jpg","width":1200,"height":1200,"caption":"S72127892_0"},{"@type":"BreadcrumbList","@id":"https:\/\/test.serenna.fi\/se\/prod\/viceroy-13225c000-30\/#breadcrumb","itemListElement":[{"@type":"ListItem","position":1,"name":"Etusivu","item":"https:\/\/test.serenna.fi\/"},{"@type":"ListItem","position":2,"name":"Kauppa","item":"https:\/\/test.serenna.fi\/shop\/"},{"@type":"ListItem","position":3,"name":"Halsband Viceroy Luna y estrellas 13225C000-30 Silver"}]},{"@type":"WebSite","@id":"https:\/\/test.serenna.fi\/#website","url":"https:\/\/test.serenna.fi\/","name":"Serenna","description":"","publisher":{"@id":"https:\/\/test.serenna.fi\/#organization"},"potentialAction":[{"@type":"SearchAction","target":{"@type":"EntryPoint","urlTemplate":"https:\/\/test.serenna.fi\/?s={search_term_string}"},"query-input":{"@type":"PropertyValueSpecification","valueRequired":true,"valueName":"search_term_string"}}],"inLanguage":"NL"},{"@type":"Organization","@id":"https:\/\/test.serenna.fi\/#organization","name":"Serenna","url":"https:\/\/test.serenna.fi\/","logo":{"@type":"ImageObject","inLanguage":"NL","@id":"https:\/\/test.serenna.fi\/#\/schema\/logo\/image\/","url":"https:\/\/www.serenna.fi\/wp-content\/uploads\/2025\/12\/serenna-logo2.png","contentUrl":"https:\/\/www.serenna.fi\/wp-content\/uploads\/2025\/12\/serenna-logo2.png","width":2383,"height":317,"caption":"Serenna"},"image":{"@id":"https:\/\/test.serenna.fi\/#\/schema\/logo\/image\/"},"sameAs":["https:\/\/www.facebook.com\/serennadecor","https:\/\/www.instagram.com\/serennadecor"]}]}},"_links":{"self":[{"href":"https:\/\/test.serenna.fi\/nl\/wp-json\/wp\/v2\/product\/4308","targetHints":{"allow":["GET"]}}],"collection":[{"href":"https:\/\/test.serenna.fi\/nl\/wp-json\/wp\/v2\/product"}],"about":[{"href":"https:\/\/test.serenna.fi\/nl\/wp-json\/wp\/v2\/types\/product"}],"replies":[{"embeddable":true,"href":"https:\/\/test.serenna.fi\/nl\/wp-json\/wp\/v2\/comments?post=4308"}],"wp:featuredmedia":[{"embeddable":true,"href":"https:\/\/test.serenna.fi\/nl\/wp-json\/wp\/v2\/media\/4306"}],"wp:attachment":[{"href":"https:\/\/test.serenna.fi\/nl\/wp-json\/wp\/v2\/media?parent=4308"}],"wp:term":[{"taxonomy":"product_brand","embeddable":true,"href":"https:\/\/test.serenna.fi\/nl\/wp-json\/wp\/v2\/product_brand?post=4308"},{"taxonomy":"product_cat","embeddable":true,"href":"https:\/\/test.serenna.fi\/nl\/wp-json\/wp\/v2\/product_cat?post=4308"},{"taxonomy":"product_tag","embeddable":true,"href":"https:\/\/test.serenna.fi\/nl\/wp-json\/wp\/v2\/product_tag?post=4308"}],"curies":[{"name":"wp","href":"https:\/\/api.w.org\/{rel}","templated":true}]}}