{"id":18933,"date":"2026-01-24T13:08:42","date_gmt":"2026-01-24T11:08:42","guid":{"rendered":"https:\/\/www.serenna.fi\/?post_type=product&#038;p=18933"},"modified":"2026-03-02T21:53:15","modified_gmt":"2026-03-02T19:53:15","slug":"carolina-herrera-she655530700","status":"publish","type":"product","link":"https:\/\/test.serenna.fi\/se\/prod\/carolina-herrera-she655530700\/","title":{"rendered":"Dam-solglas\u00f6gon Carolina Herrera SHE655530700"},"content":{"rendered":"<p><b>Dam-solglas\u00f6gon Carolina Herrera SHE655530700<\/b><\/p>\n<ul>\n<li>K\u00f6n: Dam<\/li>\n<li>Material: Acetat<\/li>\n<li>Solskydd: Kategori 3<\/li>\n<li>N\u00e4sbrygga: 140 mm<\/li>\n<li>N\u00e4sbrygga: 19 mm<\/li>\n<li>Typ: Solglas\u00f6gon f\u00f6r kvinnor<\/li>\n<li>Inkluderar: Inkluderar m\u00e4rkesv\u00e4ska<\/li>\n<li>F\u00e4rg: Svart<\/li>\n<li>Linsmaterial: Polykarbonat<\/li>\n<li>Linser: \u00d8 53 mm<\/li>\n<li>Skydd: 100 % UV-skydd (UV400)<\/li>\n<\/ul>\n<p><strong>Carolina Herrera solglas\u00f6gon \u2013 tidl\u00f6s elegans och modern femininitet&nbsp;<\/strong><\/p>\r\n<p>Carolina Herrera solglas\u00f6gon f\u00f6rkroppsligar varum\u00e4rkets signaturstil, d\u00e4r klassisk elegans m\u00f6ter modern mode. De \u00e4r designade f\u00f6r den sj\u00e4lvs\u00e4kra och stilmedvetna b\u00e4raren som uppskattar en polerad look, h\u00f6gkvalitativa material och tidl\u00f6sa detaljer.\r\n<p>Carolina Herrera solglas\u00f6gonkollektionen k\u00e4nnetecknas av <strong>rena linjer, harmoniska former och en elegant f\u00e4rgpalett<\/strong>. B\u00e5garna \u00e4r ofta feminina och subtilt sl\u00e5ende, med alternativ f\u00f6r b\u00e5de minimalistisk smak och f\u00f6r den som s\u00f6ker en mer dj\u00e4rv stil. Subtila logotyper och designdetaljer ger glas\u00f6gonen ett igenk\u00e4nnbart lyxigt utseende utan att vara \u00f6verdrivet pr\u00e5liga.\r\nSolglas\u00f6gonen \u00e4r tillverkade av h\u00f6gkvalitativa, h\u00e5llbara material som garanterar en bekv\u00e4m passform och l\u00e5ng livsl\u00e4ngd. Linserna skyddar effektivt \u00f6gonen fr\u00e5n solens skadliga UV-str\u00e5lar och f\u00f6rb\u00e4ttrar komforten i starkt ljus. Carolina Herrera-solglas\u00f6gon kombinerar enkelt funktionalitet och estetik.\r\nCarolina Herrera-solglas\u00f6gon \u00e4r det perfekta valet f\u00f6r dig som s\u00f6ker eleganta, tidl\u00f6sa och fashionabla solglas\u00f6gon. De passar b\u00e5de till vardags och till festligare tillf\u00e4llen och ger din outfit en touch av lyx och klassisk feminin charm.\r\n<p><br data-mce-bogus=\"1\"><\/p><\/p><\/p>\n","protected":false},"excerpt":{"rendered":"<p>Dam-solglas\u00f6gon Carolina Herrera SHE655530700 K\u00f6n: Dam Material: Acetat Solskydd: Kategori 3 N\u00e4sbrygga: 140 mm N\u00e4sbrygga: 19 mm Typ: Solglas\u00f6gon f\u00f6r kvinnor Inkluderar: Inkluderar m\u00e4rkesv\u00e4ska F\u00e4rg: Svart Linsmaterial: Polykarbonat Linser: \u00d8 53 mm Skydd: 100 % UV-skydd (UV400)<\/p>\n","protected":false},"featured_media":18932,"comment_status":"open","ping_status":"closed","template":"","meta":[],"product_brand":[],"product_cat":[274,282,199,237,196,209,211],"product_tag":[203,194,189],"class_list":{"0":"post-18933","1":"product","2":"type-product","3":"status-publish","4":"has-post-thumbnail","6":"product_cat-aurinkolasit","7":"product_cat-naisten-aurinkolasit","8":"product_cat-mip_aurinkolasit","9":"product_cat-lahjat-naiselle","10":"product_cat-muoti-asusteet","11":"product_cat-mip-naisten-aurinkolasit","12":"product_cat-omaperaiset-lahjat","13":"product_tag-tag_203","14":"product_tag-tag_194","15":"product_tag-tag_189","17":"first","18":"instock","19":"taxable","20":"shipping-taxable","21":"purchasable","22":"product-type-simple"},"yoast_head":"<!-- This site is optimized with the Yoast SEO plugin v28.3 - https:\/\/yoast.com\/product\/yoast-seo-wordpress\/ -->\n<title>Dam-solglas\u00f6gon Carolina Herrera SHE655530700<\/title>\n<meta name=\"robots\" content=\"index, follow, max-snippet:-1, max-image-preview:large, max-video-preview:-1\" \/>\n<link rel=\"canonical\" href=\"https:\/\/test.serenna.fi\/se\/prod\/carolina-herrera-she655530700\/\" \/>\n<meta property=\"og:locale\" content=\"sv_SE\" \/>\n<meta property=\"og:locale:alternate\" content=\"en-GB\" \/>\n<meta property=\"og:locale:alternate\" content=\"fi\" \/>\n<meta property=\"og:locale:alternate\" content=\"DE\" \/>\n<meta property=\"og:locale:alternate\" content=\"DA\" \/>\n<meta property=\"og:locale:alternate\" content=\"NL\" \/>\n<meta property=\"og:locale:alternate\" content=\"FR\" \/>\n<meta property=\"og:locale:alternate\" content=\"IT\" \/>\n<meta property=\"og:type\" content=\"article\" \/>\n<meta property=\"og:title\" content=\"Dam-solglas\u00f6gon Carolina Herrera SHE655530700\" \/>\n<meta property=\"og:description\" content=\"Dam-solglas\u00f6gon Carolina Herrera SHE655530700 K\u00f6n: Dam Material: Acetat Solskydd: Kategori 3 N\u00e4sbrygga: 140 mm N\u00e4sbrygga: 19 mm Typ: Solglas\u00f6gon f\u00f6r kvinnor Inkluderar: Inkluderar m\u00e4rkesv\u00e4ska F\u00e4rg: Svart Linsmaterial: Polykarbonat Linser: \u00d8 53 mm Skydd: 100 % UV-skydd (UV400)\" \/>\n<meta property=\"og:url\" content=\"https:\/\/test.serenna.fi\/se\/prod\/carolina-herrera-she655530700\/\" \/>\n<meta property=\"og:site_name\" content=\"Serenna\" \/>\n<meta property=\"article:publisher\" content=\"https:\/\/www.facebook.com\/serennadecor\" \/>\n<meta property=\"article:modified_time\" content=\"2026-03-02T19:53:15+00:00\" \/>\n<meta property=\"og:image\" content=\"https:\/\/test.serenna.fi\/wp-content\/uploads\/2026\/01\/0883663805102_0_P02.jpg\" \/>\n\t<meta property=\"og:image:width\" content=\"1200\" \/>\n\t<meta property=\"og:image:height\" content=\"1200\" \/>\n\t<meta property=\"og:image:type\" content=\"image\/jpeg\" \/>\n<meta name=\"twitter:card\" content=\"summary_large_image\" \/>\n<meta name=\"twitter:label1\" content=\"Ber\u00e4knad l\u00e4stid\" \/>\n\t<meta name=\"twitter:data1\" content=\"2 minuter\" \/>\n<script type=\"application\/ld+json\" class=\"yoast-schema-graph\">{\"@context\":\"https:\\\/\\\/schema.org\",\"@graph\":[{\"@type\":\"WebPage\",\"@id\":\"https:\\\/\\\/test.serenna.fi\\\/se\\\/prod\\\/carolina-herrera-she655530700\\\/\",\"url\":\"https:\\\/\\\/test.serenna.fi\\\/se\\\/prod\\\/carolina-herrera-she655530700\\\/\",\"name\":\"Dam-solglas\u00f6gon Carolina Herrera SHE655530700\",\"isPartOf\":{\"@id\":\"https:\\\/\\\/test.serenna.fi\\\/#website\"},\"primaryImageOfPage\":{\"@id\":\"https:\\\/\\\/test.serenna.fi\\\/se\\\/prod\\\/carolina-herrera-she655530700\\\/#primaryimage\"},\"image\":{\"@id\":\"https:\\\/\\\/test.serenna.fi\\\/se\\\/prod\\\/carolina-herrera-she655530700\\\/#primaryimage\"},\"thumbnailUrl\":\"https:\\\/\\\/test.serenna.fi\\\/wp-content\\\/uploads\\\/2026\\\/01\\\/0883663805102_0_P02.jpg\",\"datePublished\":\"2026-01-24T11:08:42+00:00\",\"dateModified\":\"2026-03-02T19:53:15+00:00\",\"breadcrumb\":{\"@id\":\"https:\\\/\\\/test.serenna.fi\\\/se\\\/prod\\\/carolina-herrera-she655530700\\\/#breadcrumb\"},\"inLanguage\":\"SV\",\"potentialAction\":[{\"@type\":\"ReadAction\",\"target\":[\"https:\\\/\\\/test.serenna.fi\\\/se\\\/prod\\\/carolina-herrera-she655530700\\\/\"]}]},{\"@type\":\"ImageObject\",\"inLanguage\":\"SV\",\"@id\":\"https:\\\/\\\/test.serenna.fi\\\/se\\\/prod\\\/carolina-herrera-she655530700\\\/#primaryimage\",\"url\":\"https:\\\/\\\/test.serenna.fi\\\/wp-content\\\/uploads\\\/2026\\\/01\\\/0883663805102_0_P02.jpg\",\"contentUrl\":\"https:\\\/\\\/test.serenna.fi\\\/wp-content\\\/uploads\\\/2026\\\/01\\\/0883663805102_0_P02.jpg\",\"width\":1200,\"height\":1200,\"caption\":\"S0325677_0\"},{\"@type\":\"BreadcrumbList\",\"@id\":\"https:\\\/\\\/test.serenna.fi\\\/se\\\/prod\\\/carolina-herrera-she655530700\\\/#breadcrumb\",\"itemListElement\":[{\"@type\":\"ListItem\",\"position\":1,\"name\":\"Etusivu\",\"item\":\"https:\\\/\\\/test.serenna.fi\\\/\"},{\"@type\":\"ListItem\",\"position\":2,\"name\":\"Kauppa\",\"item\":\"https:\\\/\\\/test.serenna.fi\\\/shop\\\/\"},{\"@type\":\"ListItem\",\"position\":3,\"name\":\"Dam-solglas\u00f6gon Carolina Herrera SHE655530700\"}]},{\"@type\":\"WebSite\",\"@id\":\"https:\\\/\\\/test.serenna.fi\\\/#website\",\"url\":\"https:\\\/\\\/test.serenna.fi\\\/\",\"name\":\"Serenna\",\"description\":\"\",\"publisher\":{\"@id\":\"https:\\\/\\\/test.serenna.fi\\\/#organization\"},\"potentialAction\":[{\"@type\":\"SearchAction\",\"target\":{\"@type\":\"EntryPoint\",\"urlTemplate\":\"https:\\\/\\\/test.serenna.fi\\\/?s={search_term_string}\"},\"query-input\":{\"@type\":\"PropertyValueSpecification\",\"valueRequired\":true,\"valueName\":\"search_term_string\"}}],\"inLanguage\":\"SV\"},{\"@type\":\"Organization\",\"@id\":\"https:\\\/\\\/test.serenna.fi\\\/#organization\",\"name\":\"Serenna\",\"url\":\"https:\\\/\\\/test.serenna.fi\\\/\",\"logo\":{\"@type\":\"ImageObject\",\"inLanguage\":\"SV\",\"@id\":\"https:\\\/\\\/test.serenna.fi\\\/#\\\/schema\\\/logo\\\/image\\\/\",\"url\":\"https:\\\/\\\/www.serenna.fi\\\/wp-content\\\/uploads\\\/2025\\\/12\\\/serenna-logo2.png\",\"contentUrl\":\"https:\\\/\\\/www.serenna.fi\\\/wp-content\\\/uploads\\\/2025\\\/12\\\/serenna-logo2.png\",\"width\":2383,\"height\":317,\"caption\":\"Serenna\"},\"image\":{\"@id\":\"https:\\\/\\\/test.serenna.fi\\\/#\\\/schema\\\/logo\\\/image\\\/\"},\"sameAs\":[\"https:\\\/\\\/www.facebook.com\\\/serennadecor\",\"https:\\\/\\\/www.instagram.com\\\/serennadecor\"]}]}<\/script>\n<!-- \/ Yoast SEO plugin. -->","yoast_head_json":{"title":"Dam-solglas\u00f6gon Carolina Herrera SHE655530700","robots":{"index":"index","follow":"follow","max-snippet":"max-snippet:-1","max-image-preview":"max-image-preview:large","max-video-preview":"max-video-preview:-1"},"canonical":"https:\/\/test.serenna.fi\/se\/prod\/carolina-herrera-she655530700\/","og_locale":"sv_SE","og_type":"article","og_title":"[:fi]Naisten aurinkolasit Carolina Herrera SHE655530700[:de]Sonnenbrille f\u00fcr Damen Carolina Herrera SHE655530700[:dk]Solbriller til kvinder Carolina Herrera SHE655530700[:en]Women&#x27;s sunglasses Carolina Herrera SHE655530700[:fr]Lunettes de soleil pour femmes Carolina Herrera SHE655530700[:it]Occhiali da sole da donna Carolina Herrera SHE655530700[:nl]Dameszonnebril Carolina Herrera SHE655530700[:se]Dam-solglas\u00f6gon Carolina Herrera SHE655530700[:] - Serenna","og_description":"Dam-solglas\u00f6gon Carolina Herrera SHE655530700 K\u00f6n: Dam Material: Acetat Solskydd: Kategori 3 N\u00e4sbrygga: 140 mm N\u00e4sbrygga: 19 mm Typ: Solglas\u00f6gon f\u00f6r kvinnor Inkluderar: Inkluderar m\u00e4rkesv\u00e4ska F\u00e4rg: Svart Linsmaterial: Polykarbonat Linser: \u00d8 53 mm Skydd: 100 % UV-skydd (UV400)","og_url":"https:\/\/test.serenna.fi\/se\/prod\/carolina-herrera-she655530700\/","og_site_name":"Serenna","article_publisher":"https:\/\/www.facebook.com\/serennadecor","article_modified_time":"2026-03-02T19:53:15+00:00","og_image":[{"width":1200,"height":1200,"url":"https:\/\/test.serenna.fi\/wp-content\/uploads\/2026\/01\/0883663805102_0_P02.jpg","type":"image\/jpeg"}],"twitter_card":"summary_large_image","twitter_misc":{"Ber\u00e4knad l\u00e4stid":"2 minuter"},"schema":{"@context":"https:\/\/schema.org","@graph":[{"@type":"WebPage","@id":"https:\/\/test.serenna.fi\/se\/prod\/carolina-herrera-she655530700\/","url":"https:\/\/test.serenna.fi\/se\/prod\/carolina-herrera-she655530700\/","name":"Dam-solglas\u00f6gon Carolina Herrera SHE655530700","isPartOf":{"@id":"https:\/\/test.serenna.fi\/#website"},"primaryImageOfPage":{"@id":"https:\/\/test.serenna.fi\/se\/prod\/carolina-herrera-she655530700\/#primaryimage"},"image":{"@id":"https:\/\/test.serenna.fi\/se\/prod\/carolina-herrera-she655530700\/#primaryimage"},"thumbnailUrl":"https:\/\/test.serenna.fi\/wp-content\/uploads\/2026\/01\/0883663805102_0_P02.jpg","datePublished":"2026-01-24T11:08:42+00:00","dateModified":"2026-03-02T19:53:15+00:00","breadcrumb":{"@id":"https:\/\/test.serenna.fi\/se\/prod\/carolina-herrera-she655530700\/#breadcrumb"},"inLanguage":"SV","potentialAction":[{"@type":"ReadAction","target":["https:\/\/test.serenna.fi\/se\/prod\/carolina-herrera-she655530700\/"]}]},{"@type":"ImageObject","inLanguage":"SV","@id":"https:\/\/test.serenna.fi\/se\/prod\/carolina-herrera-she655530700\/#primaryimage","url":"https:\/\/test.serenna.fi\/wp-content\/uploads\/2026\/01\/0883663805102_0_P02.jpg","contentUrl":"https:\/\/test.serenna.fi\/wp-content\/uploads\/2026\/01\/0883663805102_0_P02.jpg","width":1200,"height":1200,"caption":"S0325677_0"},{"@type":"BreadcrumbList","@id":"https:\/\/test.serenna.fi\/se\/prod\/carolina-herrera-she655530700\/#breadcrumb","itemListElement":[{"@type":"ListItem","position":1,"name":"Etusivu","item":"https:\/\/test.serenna.fi\/"},{"@type":"ListItem","position":2,"name":"Kauppa","item":"https:\/\/test.serenna.fi\/shop\/"},{"@type":"ListItem","position":3,"name":"Dam-solglas\u00f6gon Carolina Herrera SHE655530700"}]},{"@type":"WebSite","@id":"https:\/\/test.serenna.fi\/#website","url":"https:\/\/test.serenna.fi\/","name":"Serenna","description":"","publisher":{"@id":"https:\/\/test.serenna.fi\/#organization"},"potentialAction":[{"@type":"SearchAction","target":{"@type":"EntryPoint","urlTemplate":"https:\/\/test.serenna.fi\/?s={search_term_string}"},"query-input":{"@type":"PropertyValueSpecification","valueRequired":true,"valueName":"search_term_string"}}],"inLanguage":"SV"},{"@type":"Organization","@id":"https:\/\/test.serenna.fi\/#organization","name":"Serenna","url":"https:\/\/test.serenna.fi\/","logo":{"@type":"ImageObject","inLanguage":"SV","@id":"https:\/\/test.serenna.fi\/#\/schema\/logo\/image\/","url":"https:\/\/www.serenna.fi\/wp-content\/uploads\/2025\/12\/serenna-logo2.png","contentUrl":"https:\/\/www.serenna.fi\/wp-content\/uploads\/2025\/12\/serenna-logo2.png","width":2383,"height":317,"caption":"Serenna"},"image":{"@id":"https:\/\/test.serenna.fi\/#\/schema\/logo\/image\/"},"sameAs":["https:\/\/www.facebook.com\/serennadecor","https:\/\/www.instagram.com\/serennadecor"]}]}},"_links":{"self":[{"href":"https:\/\/test.serenna.fi\/se\/wp-json\/wp\/v2\/product\/18933","targetHints":{"allow":["GET"]}}],"collection":[{"href":"https:\/\/test.serenna.fi\/se\/wp-json\/wp\/v2\/product"}],"about":[{"href":"https:\/\/test.serenna.fi\/se\/wp-json\/wp\/v2\/types\/product"}],"replies":[{"embeddable":true,"href":"https:\/\/test.serenna.fi\/se\/wp-json\/wp\/v2\/comments?post=18933"}],"wp:featuredmedia":[{"embeddable":true,"href":"https:\/\/test.serenna.fi\/se\/wp-json\/wp\/v2\/media\/18932"}],"wp:attachment":[{"href":"https:\/\/test.serenna.fi\/se\/wp-json\/wp\/v2\/media?parent=18933"}],"wp:term":[{"taxonomy":"product_brand","embeddable":true,"href":"https:\/\/test.serenna.fi\/se\/wp-json\/wp\/v2\/product_brand?post=18933"},{"taxonomy":"product_cat","embeddable":true,"href":"https:\/\/test.serenna.fi\/se\/wp-json\/wp\/v2\/product_cat?post=18933"},{"taxonomy":"product_tag","embeddable":true,"href":"https:\/\/test.serenna.fi\/se\/wp-json\/wp\/v2\/product_tag?post=18933"}],"curies":[{"name":"wp","href":"https:\/\/api.w.org\/{rel}","templated":true}]}}